{"id":3543,"date":"2024-01-12T08:50:08","date_gmt":"2024-01-12T08:50:08","guid":{"rendered":"https:\/\/www.tcicutting.com\/es\/?page_id=3543"},"modified":"2025-06-27T16:40:21","modified_gmt":"2025-06-27T14:40:21","slug":"cdti","status":"publish","type":"page","link":"https:\/\/www.tcicutting.com\/es\/cdti\/","title":{"rendered":"CDTI"},"content":{"rendered":"\t<section class=\"section\" id=\"section_1185134605\">\n\t\t<div class=\"bg section-bg fill bg-fill  bg-loaded\" >\n\n\t\t\t\n\t\t\t\n\t\t\t\n\n\t\t<\/div>\n\n\t\t\n\n\t\t<div class=\"section-content relative\">\n\t\t\t\n\t<div id=\"gap-1802396897\" class=\"gap-element clearfix\" style=\"display:block; height:auto;\">\n\t\t\n<style>\n#gap-1802396897 {\n  padding-top: 100px;\n}\n@media (min-width:550px) {\n  #gap-1802396897 {\n    padding-top: 140px;\n  }\n}\n<\/style>\n\t<\/div>\n\t\n<div class=\"row align-middle\"  id=\"row-2006965714\">\n\n\t<div id=\"col-1113383091\" class=\"col medium-12 small-12 large-6\"  >\n\t\t\t\t<div class=\"col-inner\"  >\n\t\t\t\n\t\t\t\n\t<div class=\"img has-hover br-20 x md-x lg-x y md-y lg-y\" id=\"image_1367930466\">\n\t\t\t\t\t\t\t\t<div class=\"img-inner dark\" >\n\t\t\t<img loading=\"lazy\" decoding=\"async\" width=\"800\" height=\"943\" src=\"https:\/\/www.tcicutting.com\/es\/wp-content\/uploads\/sites\/2\/2025\/03\/Sin-titulo-2-1.png\" class=\"attachment-original size-original\" alt=\"tci-cutting-cdti-2024\" srcset=\"https:\/\/www.tcicutting.com\/es\/wp-content\/uploads\/sites\/2\/2025\/03\/Sin-titulo-2-1.png 800w, https:\/\/www.tcicutting.com\/es\/wp-content\/uploads\/sites\/2\/2025\/03\/Sin-titulo-2-1-679x800.png 679w, https:\/\/www.tcicutting.com\/es\/wp-content\/uploads\/sites\/2\/2025\/03\/Sin-titulo-2-1-768x905.png 768w\" sizes=\"auto, (max-width: 800px) 100vw, 800px\" \/>\t\t\t\t\t\t\n\t\t\t\t\t<\/div>\n\t\t\t\t\t\t\t\t\n<style>\n#image_1367930466 {\n  width: 100%;\n}\n<\/style>\n\t<\/div>\n\t\n\t\t<\/div>\n\t\t\t\t\t<\/div>\n\n\t\n\n\t<div id=\"col-988229354\" class=\"col medium-12 small-12 large-6 medium-col-first\"  >\n\t\t\t\t<div class=\"col-inner\"  >\n\t\t\t\n\t\t\t\n<div class=\"row row-collapse\"  id=\"row-329844948\">\n\n\t<div id=\"col-102013320\" class=\"col pb-0 red-line-column small-12 large-12\"  >\n\t\t\t\t<div class=\"col-inner\"  >\n\t\t\t\n\t\t\t\n\t<div id=\"gap-1616589298\" class=\"gap-element clearfix\" style=\"display:block; height:auto;\">\n\t\t\n<style>\n#gap-1616589298 {\n  padding-top: 4px;\n}\n<\/style>\n\t<\/div>\n\t\n\t<div id=\"text-2999035820\" class=\"text txt-mb-0 ls-pretitle fw-300\">\n\t\t\n<h1>FONDO EUROPEO DE DESARROLLO REGIONAL<\/h1>\n\t\t\n<style>\n#text-2999035820 {\n  line-height: 1.4;\n}\n<\/style>\n\t<\/div>\n\t\n\t<div id=\"gap-1910489609\" class=\"gap-element clearfix\" style=\"display:block; height:auto;\">\n\t\t\n<style>\n#gap-1910489609 {\n  padding-top: 20px;\n}\n@media (min-width:550px) {\n  #gap-1910489609 {\n    padding-top: 30px;\n  }\n}\n<\/style>\n\t<\/div>\n\t\n\t<div id=\"text-4014305835\" class=\"text txt-mb-0 doubled-font\">\n\t\t\n<h2>Europa se siente<\/h2>\n\t\t\n<style>\n#text-4014305835 {\n  font-size: 1.3rem;\n  line-height: 1.1;\n}\n@media (min-width:550px) {\n  #text-4014305835 {\n    font-size: 1.7rem;\n  }\n}\n@media (min-width:850px) {\n  #text-4014305835 {\n    font-size: 1.9rem;\n  }\n}\n<\/style>\n\t<\/div>\n\t\n\t\t<\/div>\n\t\t\t\t\n<style>\n#col-102013320 > .col-inner {\n  margin: 0px 0px 50px 0px;\n}\n<\/style>\n\t<\/div>\n\n\t\n<\/div>\n\t<div id=\"text-1465632433\" class=\"text\">\n\t\t\n<p><strong>Tecnolog\u00eda de corte e Ingenier\u00eda, S.L.<\/strong>\u00a0ha realizado en sus instalaciones de Guadassuar (Valencia) un proyecto de I+D \u201cFIBER LASER 5.0\u201d.<\/p>\n<p><strong>Objetivo general:<\/strong>\u00a0desarrollar una tecnolog\u00eda de corte por l\u00e1ser fibra para mejorar la eficiencia y capacidad de corte mediante el desarrollo de nuevas soluciones en \u00f3ptica, gases, componentes y gesti\u00f3n, con el fin de aumentar la velocidad de corte, reducir el consumo energ\u00e9tico y de gases ganando en competitividad y sostenibilidad.<\/p>\n<p><strong>Objetivos t\u00e9cnicos:<\/strong><\/p>\n<ul>\n<li>Sistema de corte para grandes espesores en acero al carbono, optimizando potencia l\u00e1ser, \u00f3ptica e inyecci\u00f3n de gas.<\/li>\n<li>Sistema de control de mezcla de gases para mejorar velocidad y calidad de corte.<\/li>\n<li>Sistema de control de fusi\u00f3n por detecci\u00f3n de reflexi\u00f3n del rayo, ajustando par\u00e1metros en tiempo real.<\/li>\n<\/ul>\n<p><strong>Resultados:<\/strong><\/p>\n<ul>\n<li>Reducci\u00f3n de consumo energ\u00e9tico.<\/li>\n<li>Ahorro en gases.<\/li>\n<li>Incremento de la velocidad de corte.<\/li>\n<li>Calidad y estabilidad mejoradas.<\/li>\n<\/ul>\n<p><strong>Presupuesto:<\/strong> 871.863 \u20ac<br \/>\n<strong>Cofinanciado por: <\/strong>Centro para el Desarrollo Tecnol\u00f3gico y la Innovaci\u00f3n<strong> (CDTI) <\/strong>y el Fondo Europeo de Desarrollo Regional <strong>(FEDER)<\/strong><br \/>\n<strong>Plazo ejecuci\u00f3n:<\/strong> 01\/09\/2022 a 31\/12\/2024<br \/>\n\t\t\n<style>\n#text-1465632433 {\n  font-size: 1rem;\n  line-height: 1.6;\n}\n@media (min-width:550px) {\n  #text-1465632433 {\n    font-size: 1.125rem;\n  }\n}\n<\/style>\n\t<\/div>\n\t\n\t<div id=\"gap-1059932050\" class=\"gap-element clearfix\" style=\"display:block; height:auto;\">\n\t\t\n<style>\n#gap-1059932050 {\n  padding-top: 25px;\n}\n<\/style>\n\t<\/div>\n\t\n\t<div id=\"gap-1348738146\" class=\"gap-element clearfix show-for-small\" style=\"display:block; height:auto;\">\n\t\t\n<style>\n#gap-1348738146 {\n  padding-top: 30px;\n}\n@media (min-width:550px) {\n  #gap-1348738146 {\n    padding-top: 30px;\n  }\n}\n<\/style>\n\t<\/div>\n\t\n\t\t<\/div>\n\t\t\t\t\n<style>\n#col-988229354 > .col-inner {\n  padding: 0px 0px 20px 0px;\n}\n@media (min-width:550px) {\n  #col-988229354 > .col-inner {\n    padding: 0px 0px 20px 0px;\n  }\n}\n@media (min-width:850px) {\n  #col-988229354 > .col-inner {\n    padding: 40px 0px 20px 12%;\n  }\n}\n<\/style>\n\t<\/div>\n\n\t\n<\/div>\n\t<div id=\"gap-1020485565\" class=\"gap-element clearfix\" style=\"display:block; height:auto;\">\n\t\t\n<style>\n#gap-1020485565 {\n  padding-top: 100px;\n}\n@media (min-width:550px) {\n  #gap-1020485565 {\n    padding-top: 140px;\n  }\n}\n<\/style>\n\t<\/div>\n\t\n\t\t<\/div>\n\n\t\t\n<style>\n#section_1185134605 {\n  padding-top: 0px;\n  padding-bottom: 0px;\n}\n<\/style>\n\t<\/section>\n\t\n","protected":false},"excerpt":{"rendered":"","protected":false},"author":1,"featured_media":0,"parent":0,"menu_order":0,"comment_status":"closed","ping_status":"closed","template":"","meta":{"footnotes":""},"class_list":["post-3543","page","type-page","status-publish","hentry"],"acf":[],"yoast_head":"<!-- This site is optimized with the Yoast SEO plugin v27.1.1 - https:\/\/yoast.com\/product\/yoast-seo-wordpress\/ -->\n<title>CDTI Fondo Europeo de Desarrollo Regional | TCI Cutting<\/title>\n<meta name=\"description\" content=\"Tecnolog\u00eda de corte e Ingenier\u00eda, S.L. ha realizado un proyecto de I+D \u201cFIBER LASER 5.0&quot; con el objetivo de investigar y desarrollar una tecnolog\u00eda de corte por l\u00e1ser. M\u00e1s aqu\u00ed.\" \/>\n<meta name=\"robots\" content=\"index, follow, max-snippet:-1, max-image-preview:large, max-video-preview:-1\" \/>\n<link rel=\"canonical\" href=\"https:\/\/www.tcicutting.com\/es\/cdti\/\" \/>\n<meta property=\"og:locale\" content=\"es_ES\" \/>\n<meta property=\"og:type\" content=\"article\" \/>\n<meta property=\"og:title\" content=\"CDTI Fondo Europeo de Desarrollo Regional | TCI Cutting\" \/>\n<meta property=\"og:description\" content=\"Tecnolog\u00eda de corte e Ingenier\u00eda, S.L. ha realizado un proyecto de I+D \u201cFIBER LASER 5.0&quot; con el objetivo de investigar y desarrollar una tecnolog\u00eda de corte por l\u00e1ser. M\u00e1s aqu\u00ed.\" \/>\n<meta property=\"og:url\" content=\"https:\/\/www.tcicutting.com\/es\/cdti\/\" \/>\n<meta property=\"og:site_name\" content=\"TCI Cutting ES\" \/>\n<meta property=\"article:publisher\" content=\"https:\/\/www.facebook.com\/TCICutting\/\" \/>\n<meta property=\"article:modified_time\" content=\"2025-06-27T14:40:21+00:00\" \/>\n<meta property=\"og:image\" content=\"https:\/\/www.tcicutting.com\/es\/wp-content\/uploads\/sites\/2\/2024\/05\/logo-tci.png\" \/>\n\t<meta property=\"og:image:width\" content=\"1200\" \/>\n\t<meta property=\"og:image:height\" content=\"675\" \/>\n\t<meta property=\"og:image:type\" content=\"image\/png\" \/>\n<meta name=\"twitter:card\" content=\"summary_large_image\" \/>\n<meta name=\"twitter:site\" content=\"@tcicutting\" \/>\n<meta name=\"twitter:label1\" content=\"Tiempo de lectura\" \/>\n\t<meta name=\"twitter:data1\" content=\"2 minutos\" \/>\n<script type=\"application\/ld+json\" class=\"yoast-schema-graph\">{\"@context\":\"https:\/\/schema.org\",\"@graph\":[{\"@type\":\"WebPage\",\"@id\":\"https:\/\/www.tcicutting.com\/es\/cdti\/\",\"url\":\"https:\/\/www.tcicutting.com\/es\/cdti\/\",\"name\":\"CDTI Fondo Europeo de Desarrollo Regional | TCI Cutting\",\"isPartOf\":{\"@id\":\"https:\/\/www.tcicutting.com\/es\/#website\"},\"datePublished\":\"2024-01-12T08:50:08+00:00\",\"dateModified\":\"2025-06-27T14:40:21+00:00\",\"description\":\"Tecnolog\u00eda de corte e Ingenier\u00eda, S.L. ha realizado un proyecto de I+D \u201cFIBER LASER 5.0\\\" con el objetivo de investigar y desarrollar una tecnolog\u00eda de corte por l\u00e1ser. M\u00e1s aqu\u00ed.\",\"breadcrumb\":{\"@id\":\"https:\/\/www.tcicutting.com\/es\/cdti\/#breadcrumb\"},\"inLanguage\":\"es\",\"potentialAction\":[{\"@type\":\"ReadAction\",\"target\":[\"https:\/\/www.tcicutting.com\/es\/cdti\/\"]}]},{\"@type\":\"BreadcrumbList\",\"@id\":\"https:\/\/www.tcicutting.com\/es\/cdti\/#breadcrumb\",\"itemListElement\":[{\"@type\":\"ListItem\",\"position\":1,\"name\":\"Home\",\"item\":\"https:\/\/www.tcicutting.com\/es\/\"},{\"@type\":\"ListItem\",\"position\":2,\"name\":\"CDTI\"}]},{\"@type\":\"WebSite\",\"@id\":\"https:\/\/www.tcicutting.com\/es\/#website\",\"url\":\"https:\/\/www.tcicutting.com\/es\/\",\"name\":\"TCI Cutting\",\"description\":\"\",\"publisher\":{\"@id\":\"https:\/\/www.tcicutting.com\/es\/#organization\"},\"potentialAction\":[{\"@type\":\"SearchAction\",\"target\":{\"@type\":\"EntryPoint\",\"urlTemplate\":\"https:\/\/www.tcicutting.com\/es\/?s={search_term_string}\"},\"query-input\":{\"@type\":\"PropertyValueSpecification\",\"valueRequired\":true,\"valueName\":\"search_term_string\"}}],\"inLanguage\":\"es\"},{\"@type\":\"Organization\",\"@id\":\"https:\/\/www.tcicutting.com\/es\/#organization\",\"name\":\"TCI Cutting\",\"url\":\"https:\/\/www.tcicutting.com\/es\/\",\"logo\":{\"@type\":\"ImageObject\",\"inLanguage\":\"es\",\"@id\":\"https:\/\/www.tcicutting.com\/es\/#\/schema\/logo\/image\/\",\"url\":\"https:\/\/www.tcicutting.com\/es\/wp-content\/uploads\/sites\/2\/2024\/05\/U-LOGO-2.png\",\"contentUrl\":\"https:\/\/www.tcicutting.com\/es\/wp-content\/uploads\/sites\/2\/2024\/05\/U-LOGO-2.png\",\"width\":695,\"height\":695,\"caption\":\"TCI Cutting\"},\"image\":{\"@id\":\"https:\/\/www.tcicutting.com\/es\/#\/schema\/logo\/image\/\"},\"sameAs\":[\"https:\/\/www.facebook.com\/TCICutting\/\",\"https:\/\/x.com\/tcicutting\",\"https:\/\/www.instagram.com\/tcicutting\/\",\"https:\/\/www.linkedin.com\/company\/tci-cutting-waterjet&laser-system\/\"]}]}<\/script>\n<!-- \/ Yoast SEO plugin. -->","yoast_head_json":{"title":"CDTI Fondo Europeo de Desarrollo Regional | TCI Cutting","description":"Tecnolog\u00eda de corte e Ingenier\u00eda, S.L. ha realizado un proyecto de I+D \u201cFIBER LASER 5.0\" con el objetivo de investigar y desarrollar una tecnolog\u00eda de corte por l\u00e1ser. M\u00e1s aqu\u00ed.","robots":{"index":"index","follow":"follow","max-snippet":"max-snippet:-1","max-image-preview":"max-image-preview:large","max-video-preview":"max-video-preview:-1"},"canonical":"https:\/\/www.tcicutting.com\/es\/cdti\/","og_locale":"es_ES","og_type":"article","og_title":"CDTI Fondo Europeo de Desarrollo Regional | TCI Cutting","og_description":"Tecnolog\u00eda de corte e Ingenier\u00eda, S.L. ha realizado un proyecto de I+D \u201cFIBER LASER 5.0\" con el objetivo de investigar y desarrollar una tecnolog\u00eda de corte por l\u00e1ser. M\u00e1s aqu\u00ed.","og_url":"https:\/\/www.tcicutting.com\/es\/cdti\/","og_site_name":"TCI Cutting ES","article_publisher":"https:\/\/www.facebook.com\/TCICutting\/","article_modified_time":"2025-06-27T14:40:21+00:00","og_image":[{"width":1200,"height":675,"url":"https:\/\/www.tcicutting.com\/es\/wp-content\/uploads\/sites\/2\/2024\/05\/logo-tci.png","type":"image\/png"}],"twitter_card":"summary_large_image","twitter_site":"@tcicutting","twitter_misc":{"Tiempo de lectura":"2 minutos"},"schema":{"@context":"https:\/\/schema.org","@graph":[{"@type":"WebPage","@id":"https:\/\/www.tcicutting.com\/es\/cdti\/","url":"https:\/\/www.tcicutting.com\/es\/cdti\/","name":"CDTI Fondo Europeo de Desarrollo Regional | TCI Cutting","isPartOf":{"@id":"https:\/\/www.tcicutting.com\/es\/#website"},"datePublished":"2024-01-12T08:50:08+00:00","dateModified":"2025-06-27T14:40:21+00:00","description":"Tecnolog\u00eda de corte e Ingenier\u00eda, S.L. ha realizado un proyecto de I+D \u201cFIBER LASER 5.0\" con el objetivo de investigar y desarrollar una tecnolog\u00eda de corte por l\u00e1ser. M\u00e1s aqu\u00ed.","breadcrumb":{"@id":"https:\/\/www.tcicutting.com\/es\/cdti\/#breadcrumb"},"inLanguage":"es","potentialAction":[{"@type":"ReadAction","target":["https:\/\/www.tcicutting.com\/es\/cdti\/"]}]},{"@type":"BreadcrumbList","@id":"https:\/\/www.tcicutting.com\/es\/cdti\/#breadcrumb","itemListElement":[{"@type":"ListItem","position":1,"name":"Home","item":"https:\/\/www.tcicutting.com\/es\/"},{"@type":"ListItem","position":2,"name":"CDTI"}]},{"@type":"WebSite","@id":"https:\/\/www.tcicutting.com\/es\/#website","url":"https:\/\/www.tcicutting.com\/es\/","name":"TCI Cutting","description":"","publisher":{"@id":"https:\/\/www.tcicutting.com\/es\/#organization"},"potentialAction":[{"@type":"SearchAction","target":{"@type":"EntryPoint","urlTemplate":"https:\/\/www.tcicutting.com\/es\/?s={search_term_string}"},"query-input":{"@type":"PropertyValueSpecification","valueRequired":true,"valueName":"search_term_string"}}],"inLanguage":"es"},{"@type":"Organization","@id":"https:\/\/www.tcicutting.com\/es\/#organization","name":"TCI Cutting","url":"https:\/\/www.tcicutting.com\/es\/","logo":{"@type":"ImageObject","inLanguage":"es","@id":"https:\/\/www.tcicutting.com\/es\/#\/schema\/logo\/image\/","url":"https:\/\/www.tcicutting.com\/es\/wp-content\/uploads\/sites\/2\/2024\/05\/U-LOGO-2.png","contentUrl":"https:\/\/www.tcicutting.com\/es\/wp-content\/uploads\/sites\/2\/2024\/05\/U-LOGO-2.png","width":695,"height":695,"caption":"TCI Cutting"},"image":{"@id":"https:\/\/www.tcicutting.com\/es\/#\/schema\/logo\/image\/"},"sameAs":["https:\/\/www.facebook.com\/TCICutting\/","https:\/\/x.com\/tcicutting","https:\/\/www.instagram.com\/tcicutting\/","https:\/\/www.linkedin.com\/company\/tci-cutting-waterjet&laser-system\/"]}]}},"_links":{"self":[{"href":"https:\/\/www.tcicutting.com\/es\/wp-json\/wp\/v2\/pages\/3543","targetHints":{"allow":["GET"]}}],"collection":[{"href":"https:\/\/www.tcicutting.com\/es\/wp-json\/wp\/v2\/pages"}],"about":[{"href":"https:\/\/www.tcicutting.com\/es\/wp-json\/wp\/v2\/types\/page"}],"author":[{"embeddable":true,"href":"https:\/\/www.tcicutting.com\/es\/wp-json\/wp\/v2\/users\/1"}],"replies":[{"embeddable":true,"href":"https:\/\/www.tcicutting.com\/es\/wp-json\/wp\/v2\/comments?post=3543"}],"version-history":[{"count":19,"href":"https:\/\/www.tcicutting.com\/es\/wp-json\/wp\/v2\/pages\/3543\/revisions"}],"predecessor-version":[{"id":11305,"href":"https:\/\/www.tcicutting.com\/es\/wp-json\/wp\/v2\/pages\/3543\/revisions\/11305"}],"wp:attachment":[{"href":"https:\/\/www.tcicutting.com\/es\/wp-json\/wp\/v2\/media?parent=3543"}],"curies":[{"name":"wp","href":"https:\/\/api.w.org\/{rel}","templated":true}]}}